{"id":222,"date":"2024-12-22T12:32:20","date_gmt":"2024-12-22T11:32:20","guid":{"rendered":"https:\/\/www.ensemble-fb.ch\/?page_id=222"},"modified":"2025-12-16T09:51:36","modified_gmt":"2025-12-16T08:51:36","slug":"home","status":"publish","type":"page","link":"https:\/\/www.ensemble-fb.ch\/de\/","title":{"rendered":"Home"},"content":{"rendered":"<section class=\"bde-section-222-180 bde-section\">\n  \n  \n\t\n\n\n\n<div class=\"section-container\"><img decoding=\"async\" class=\"bde-image2-222-185 bde-image2\" src=\"https:\/\/www.ensemble-fb.ch\/wp-content\/uploads\/2024\/12\/Logo-Weiss.svg\" loading=\"lazy\"><\/div>\n<\/section><section class=\"bde-section-222-186 bde-section\">\n  \n  \n\t\n\n\n\n<div class=\"section-container\"><div class=\"bde-text-222-187 bde-text\">\nENSEMBLE Familienbegleitung in Biel\n<\/div><h1 class=\"bde-heading-222-188 bde-heading\">\nIm Mittelpunkt steht das Wohl des Kindes\n<\/h1><div class=\"bde-text-222-189 bde-text\">\nENSEMBLE Familienbegleitung bietet Unterst\u00fctzung, wenn Familiensysteme durch unterschiedliche Belastungen an ihre Grenzen stossen. Wir bieten massgeschneiderte und flexible L\u00f6sungen, die dazu beitragen k\u00f6nnen, das System zu stabilisieren und Entwicklungs- und Lernprozesse in Gang zu setzen. Im Mittelpunkt unserer Aufmerksamkeit steht das Wohl des Kindes.\n<\/div><\/div>\n<\/section><section id=\"familienbegleitung\" class=\"bde-section-222-100 bde-section\">\n  \n  \n\t\n\n\n\n<div class=\"section-container\"><div class=\"bde-columns-222-101 bde-columns\"><div class=\"bde-column-222-102 bde-column\">\n  \n  \n\t\n\n\n\n<img decoding=\"async\" class=\"bde-image2-222-253 bde-image2\" src=\"https:\/\/www.ensemble-fb.ch\/wp-content\/uploads\/2024\/12\/Dunkelhaeutiges-Maedchen-schaut-in-Kamera.jpg\" loading=\"lazy\" srcset=\"https:\/\/www.ensemble-fb.ch\/wp-content\/uploads\/2024\/12\/Dunkelhaeutiges-Maedchen-schaut-in-Kamera.jpg 1000w, https:\/\/www.ensemble-fb.ch\/wp-content\/uploads\/2024\/12\/Dunkelhaeutiges-Maedchen-schaut-in-Kamera-300x198.jpg 300w, https:\/\/www.ensemble-fb.ch\/wp-content\/uploads\/2024\/12\/Dunkelhaeutiges-Maedchen-schaut-in-Kamera-768x507.jpg 768w\" sizes=\"(max-width: 1000px) 100vw, 1000px\">\n<\/div><div class=\"bde-column-222-103 bde-column\">\n  \n  \n\t\n\n\n\n<h1 class=\"bde-heading-222-170 bde-heading\">\nSozialp\u00e4dagogische Familienbegleitung\n<\/h1><div class=\"bde-text-222-134 bde-text\">\nDie sozialp\u00e4dagogische Familienbegleitung st\u00e4rkt die Familiensysteme und unterst\u00fctzt dort, wo Eltern und Kinder durch unterschiedliche Belastungen an ihre Grenzen stossen. Massgeschneiderte, flexible L\u00f6sungen und eine individuell abgestimmte Unterst\u00fctzung helfen mit, das System zu stabilisieren. Die Begleitung der Familie ist ressourcen- und l\u00f6sungsorientiert. Sie bef\u00e4higt die Eltern, ihre Rolle wieder zur\u00fcckzugewinnen, den Familienalltag selbstbestimmt und mit Freude zu gestalten.\n<\/div><h1 class=\"bde-heading-222-310 bde-heading\">\nBindungsorientierte, traumasensible Familienbegleitung schafft sichere Basis\n<\/h1><div class=\"bde-text-222-311 bde-text\">\nSichere Bindungserfahrungen sind grundlegend f\u00fcr unsere Entwicklung als Menschen. In der bindungsorientierten, traumasensiblen Familienbegleitung wird eine sichere Basis geschaffen, um Ver\u00e4nderungen zu erm\u00f6glichen. Diese Methode unterst\u00fctzt Eltern dabei, sich selbst in schwierigen Situationen besser zu verstehen und zu f\u00fchlen. Ziel ist die integrative Wahrnehmung von K\u00f6rper und Geist, um die Selbstbindungsf\u00e4higkeit zu st\u00e4rken. Die traumasensible und bindungsorientierte Familienbegleitung ist f\u00fcr alle Familien geeignet. Dies bietet sich insbesondere f\u00fcr Familien mit einer besonders konfliktreichen Dynamik, schwierigen, traumatischen und nicht integrierten Bindungserfahrungen oder transgenerationalen Traumata an.\n<\/div>\n<\/div><\/div><\/div>\n<\/section><section id=\"besuchsrechtbegleitung\" class=\"bde-section-222-173 bde-section\">\n  \n  \n\t\n\n\n\n<div class=\"section-container\"><div class=\"bde-columns-222-174 bde-columns\"><div class=\"bde-column-222-177 bde-column\">\n  \n  \n\t\n\n\n\n<h1 class=\"bde-heading-222-178 bde-heading\">\nBegleitung des Besuchsrechts und \u00dcbergaben\n<\/h1><div class=\"bde-text-222-179 bde-text\">\nNach einer Trennung und Scheidung braucht es eine hohe Anpassungsleistung der einzelnen Familiensysteme und eine Neuorientierung der in den Systemen lebenden Familienmitglieder.<br> <br>Dabei kann es sein, dass Situationen entstehen, die den Familienmitgliedern die selbstst\u00e4ndige Organisation oder Umsetzung der Kontakte zum besuchsberechtigten Elternteil erschweren. Eine fachliche Begleitung kann die Familien in diesen Herausforderungen entlasten.<br> <br>ENSEMBLE Familienbegleitung kann flexibel und massgeschneidert auf die Bed\u00fcrfnisse der Familiensysteme und der diversen Auftraggeber*innen eingehen. Im Mittelpunkt steht stets das Wohl und die Wahrung der Rechte des Kindes. Hierf\u00fcr verf\u00fcgen wir \u00fcber sch\u00f6ne R\u00e4umlichkeiten im Zentrum von Biel, in denen wir das Besuchsrecht begleiten, eine Begleitung der \u00dcbergaben durchf\u00fchren oder eine schrittweise Begleitung und Ausweitung des Besuchsrechts im Sinne der Systeme unterst\u00fctzen k\u00f6nnen.<br>\n<\/div>\n<\/div><div class=\"bde-column-222-175 bde-column\">\n  \n  \n\t\n\n\n\n<img decoding=\"async\" class=\"bde-image2-222-252 bde-image2\" src=\"https:\/\/www.ensemble-fb.ch\/wp-content\/uploads\/2024\/12\/Junge-spielt-mit-Steinen.jpg\" loading=\"lazy\" srcset=\"https:\/\/www.ensemble-fb.ch\/wp-content\/uploads\/2024\/12\/Junge-spielt-mit-Steinen.jpg 1000w, https:\/\/www.ensemble-fb.ch\/wp-content\/uploads\/2024\/12\/Junge-spielt-mit-Steinen-300x198.jpg 300w, https:\/\/www.ensemble-fb.ch\/wp-content\/uploads\/2024\/12\/Junge-spielt-mit-Steinen-768x507.jpg 768w\" sizes=\"(max-width: 1000px) 100vw, 1000px\">\n<\/div><\/div><\/div>\n<\/section><section class=\"bde-section-222-192 bde-section\">\n  \n  \n\t\n\n\n\n<div class=\"section-container\"><img decoding=\"async\" class=\"bde-image2-222-198 bde-image2\" src=\"https:\/\/www.ensemble-fb.ch\/wp-content\/uploads\/2024\/12\/Pipi-Langstrumpf-Text-2.svg\" loading=\"lazy\"><\/div>\n<\/section><section id=\"coaching\" class=\"bde-section-222-208 bde-section\">\n  \n  \n\t\n\n\n\n<div class=\"section-container\"><div class=\"bde-columns-222-209 bde-columns\"><div class=\"bde-column-222-210 bde-column\">\n  \n  \n\t\n\n\n\n<img decoding=\"async\" class=\"bde-image2-222-251 bde-image2\" src=\"https:\/\/www.ensemble-fb.ch\/wp-content\/uploads\/2024\/12\/Zwei-Maedchen-mit-Skateboard.jpg\" loading=\"lazy\" srcset=\"https:\/\/www.ensemble-fb.ch\/wp-content\/uploads\/2024\/12\/Zwei-Maedchen-mit-Skateboard.jpg 1000w, https:\/\/www.ensemble-fb.ch\/wp-content\/uploads\/2024\/12\/Zwei-Maedchen-mit-Skateboard-300x198.jpg 300w, https:\/\/www.ensemble-fb.ch\/wp-content\/uploads\/2024\/12\/Zwei-Maedchen-mit-Skateboard-768x507.jpg 768w\" sizes=\"(max-width: 1000px) 100vw, 1000px\">\n<\/div><div class=\"bde-column-222-212 bde-column\">\n  \n  \n\t\n\n\n\n<h1 class=\"bde-heading-222-213 bde-heading\">\nCoaching und Beratung von Eltern und Jugendlichen\n<\/h1><div class=\"bde-text-222-214 bde-text\">\nDas famili\u00e4re Zusammenleben kann sowohl Eltern als auch Kinder vor verschiedenste Herausforderungen stellen. Manchmal ger\u00e4t es aus den Fugen: Die Familienmitglieder erreichen einen Punkt, an dem sie alleine nicht mehr weiter wissen und sich wieder mehr Harmonie und Selbstbestimmung w\u00fcnschen. Um neue und unerforschte Wege zu begehen, kann eine Sicht von Aussen einen Wechsel der Perspektive erm\u00f6glichen, Raum schaffen f\u00fcr Neues, unterst\u00fctzend sein.<br><br>Mit viel Empathie, Freude und Humor bieten wir in ambulanten Beratungen und Coachings Unterst\u00fctzung f\u00fcr Eltern, Kinder und Jugendliche an. <br>\n<\/div>\n<\/div><\/div><\/div>\n<\/section><section id=\"intensivabklaerungen\" class=\"bde-section-222-216 bde-section\">\n  \n  \n\t\n\n\n\n<div class=\"section-container\"><div class=\"bde-columns-222-217 bde-columns\"><div class=\"bde-column-222-218 bde-column\">\n  \n  \n\t\n\n\n\n<h1 class=\"bde-heading-222-219 bde-heading\">\nIntensivabkl\u00e4rungen\n<\/h1><div class=\"bde-text-222-220 bde-text\">\nDas Angebot der ENSEMBLE Familienbegleitung beinhaltet intensive und prozessorientierte (Teil-)Abkl\u00e4rungen im Rahmen von Kindesschutzverfahren f\u00fcr die Kindes- und Erwachsenenschutzbeh\u00f6rden, f\u00fcr Gerichte oder beauftragte Abkl\u00e4rungsstellen eines Sozialdienstes. Um die Gef\u00e4hrdung des Kindeswohls zu beurteilen, ber\u00fccksichtigen wir die Ressourcen der Beteiligten, die M\u00f6glichkeiten zur Problemsicht der Eltern, sowie die Resilienz des Kindes. <br><br>Bei der Abkl\u00e4rung geht es um das Erfassen, Verstehen und Beurteilen einer problematisch wahrgenommenen Situation. ENSEMBLE Familienbegleitung verf\u00fcgt \u00fcber grosse Erfahrungen im Kindesschutz und kl\u00e4rt sorgf\u00e4ltig ab, wer von welcher Problematik betroffen ist, wie sich die Ressourcensituation pr\u00e4sentiert und inwiefern konkrete Unterst\u00fctzung \u00fcberhaupt Hilfe bieten kann.<br>\n<\/div>\n<\/div><div class=\"bde-column-222-221 bde-column\">\n  \n  \n\t\n\n\n\n<img decoding=\"async\" class=\"bde-image2-222-250 bde-image2\" src=\"https:\/\/www.ensemble-fb.ch\/wp-content\/uploads\/2024\/12\/Junge-spielt-mit-Seifenblasen.jpg\" loading=\"lazy\" srcset=\"https:\/\/www.ensemble-fb.ch\/wp-content\/uploads\/2024\/12\/Junge-spielt-mit-Seifenblasen.jpg 1000w, https:\/\/www.ensemble-fb.ch\/wp-content\/uploads\/2024\/12\/Junge-spielt-mit-Seifenblasen-300x198.jpg 300w, https:\/\/www.ensemble-fb.ch\/wp-content\/uploads\/2024\/12\/Junge-spielt-mit-Seifenblasen-768x507.jpg 768w\" sizes=\"(max-width: 1000px) 100vw, 1000px\">\n<\/div><\/div><\/div>\n<\/section><section id=\"lara\" class=\"bde-section-222-223 bde-section\">\n  \n  \n\t\n\n\n\n<div class=\"section-container\"><div class=\"bde-columns-222-224 bde-columns\"><div class=\"bde-column-222-225 bde-column\">\n  \n  \n\t\n\n\n\n<img decoding=\"async\" class=\"bde-image2-222-248 bde-image2\" src=\"https:\/\/www.ensemble-fb.ch\/wp-content\/uploads\/2024\/12\/Lara-Reichenbach-683x1024.jpg\" alt=\"Lara Reichenbach, Co-Gesch\u00e4ftsleiterin, Familienbegleiterin bei ENSEMBLE Familienbegleitung in Biel\" loading=\"lazy\" srcset=\"https:\/\/www.ensemble-fb.ch\/wp-content\/uploads\/2024\/12\/Lara-Reichenbach-683x1024.jpg 683w, https:\/\/www.ensemble-fb.ch\/wp-content\/uploads\/2024\/12\/Lara-Reichenbach-200x300.jpg 200w, https:\/\/www.ensemble-fb.ch\/wp-content\/uploads\/2024\/12\/Lara-Reichenbach-768x1152.jpg 768w\" sizes=\"(max-width: 683px) 100vw, 683px\">\n<\/div><div class=\"bde-column-222-227 bde-column\">\n  \n  \n\t\n\n\n\n<h1 class=\"bde-heading-222-228 bde-heading\">\nLara Reichenbach\n<\/h1><div class=\"bde-text-222-229 bde-text\">\nCo-Gesch\u00e4ftsleiterin, Familienbegleiterin\n<\/div><h1 class=\"bde-heading-222-231 bde-heading\">\nAnalytisches Denken und herzliche Sachlichkeit\n<\/h1><div class=\"bde-text-222-230 bde-text\">\nJedes Familiensystem ist einzigartig. Gemeinsam mit Familie und Fachpersonen  versch\u00fcttete Ressourcen zu mobilisieren und m\u00f6gliche L\u00f6sungsans\u00e4tze zu erarbeiten, fasziniert mich immer wieder aufs Neue. Meine Arbeitsweise ist von Offenheit, Klarheit und einer respektvollen, wertsch\u00e4tzenden Grundhaltung gepr\u00e4gt.\n<\/div><div class=\"bde-icon-list-222-233 bde-icon-list\">\n<ul>\n  \n              \n    <li>\n              <div class='bde-icon-list__item-wrapper'>\n      \n      <span class='bde-icon-list__icon'>\n        <svg xmlns=\"http:\/\/www.w3.org\/2000\/svg\" viewBox=\"0 0 512 512\"><!--! Font Awesome Free 6.5.1 by @fontawesome - https:\/\/fontawesome.com License - https:\/\/fontawesome.com\/license\/free (Icons: CC BY 4.0, Fonts: SIL OFL 1.1, Code: MIT License) Copyright 2023 Fonticons, Inc. --><path d=\"M347.1 24.6c7.7-18.6 28-28.5 47.4-23.2l88 24C499.9 30.2 512 46 512 64c0 247.4-200.6 448-448 448c-18 0-33.8-12.1-38.6-29.5l-24-88c-5.3-19.4 4.6-39.7 23.2-47.4l96-40c16.3-6.8 35.2-2.1 46.3 11.6L207.3 368c70.4-33.3 127.4-90.3 160.7-160.7L318.7 167c-13.7-11.2-18.4-30-11.6-46.3l40-96z\"\/><\/svg>\n      <\/span>\n      <span class='bde-icon-list__text' >\n      +41 76 471 71 31\n      <\/span>\n              <\/div>\n      \n    <\/li>\n\n  \n              \n    <li>\n                      \n            \n            \n\n    \n    \n    \n    \n    \n    <a class=\"breakdance-link bde-icon-list__item-wrapper\" href=\"mailto:info@ensemble-fb.ch\" target=\"_self\" data-type=\"url\"  >\n\n      \n      <span class='bde-icon-list__icon'>\n        <svg xmlns=\"http:\/\/www.w3.org\/2000\/svg\" viewBox=\"0 0 512 512\"><!--! Font Awesome Free 6.5.1 by @fontawesome - https:\/\/fontawesome.com License - https:\/\/fontawesome.com\/license\/free (Icons: CC BY 4.0, Fonts: SIL OFL 1.1, Code: MIT License) Copyright 2023 Fonticons, Inc. --><path d=\"M48 64C21.5 64 0 85.5 0 112c0 15.1 7.1 29.3 19.2 38.4L236.8 313.6c11.4 8.5 27 8.5 38.4 0L492.8 150.4c12.1-9.1 19.2-23.3 19.2-38.4c0-26.5-21.5-48-48-48H48zM0 176V384c0 35.3 28.7 64 64 64H448c35.3 0 64-28.7 64-64V176L294.4 339.2c-22.8 17.1-54 17.1-76.8 0L0 176z\"\/><\/svg>\n      <\/span>\n      <span class='bde-icon-list__text' >\n      Gerne auch per Mail\n      <\/span>\n                  <\/a>\n\n      \n    <\/li>\n\n  <\/ul>\n\n<\/div><div class=\"bde-button-222-244 bde-button\">\n    \n                        \n                        \n    \n    \n    \n    \n            \n                    \n            \n                           \n                       \n                 \n\n    \n    \n    \n                    \n    \n    <a class=\"breakdance-link button-atom button-atom--custom bde-button__button\" href=\"#\" target=\"_self\" data-type=\"action\"  data-action='{\"type\":\"popup\",\"popupOptions\":{\"popupId\":\"319\",\"popupAction\":\"open\"}}' >\n\n    \n        <span class=\"button-atom__text\">\u00dcber mich<\/span>\n\n        \n        \n                <\/a>\n\n    \n\n\n<\/div>\n<\/div><\/div><\/div>\n<\/section><section id=\"gabriela\" class=\"bde-section-222-234 bde-section\">\n  \n  \n\t\n\n\n\n<div class=\"section-container\"><div class=\"bde-columns-222-235 bde-columns\"><div class=\"bde-column-222-238 bde-column\">\n  \n  \n\t\n\n\n\n<h1 class=\"bde-heading-222-239 bde-heading\">\nGabriela Seewer\n<\/h1><div class=\"bde-text-222-240 bde-text\">\nCo-Gesch\u00e4ftsleiterin, Familienbegleiterin\n<\/div><h1 class=\"bde-heading-222-241 bde-heading\">\nVertrauen entstehen lassen und in Beziehung sein\n<\/h1><div class=\"bde-text-222-242 bde-text\">\nFamilien neugierig auf ihrem Weg begleiten, mit ihnen gemeinsam eine sichere Basis entwickeln, damit Ver\u00e4nderung passieren darf: Dieser Prozess steht im Mittelpunkt meiner Arbeit. Ich handle traumafokussiert, bindungsorientiert und mit grossem Respekt vor der individuellen W\u00fcrde der Familien und ihrer Sicht auf die Welt.\n<\/div><div class=\"bde-icon-list-222-243 bde-icon-list\">\n<ul>\n  \n              \n    <li>\n              <div class='bde-icon-list__item-wrapper'>\n      \n      <span class='bde-icon-list__icon'>\n        <svg xmlns=\"http:\/\/www.w3.org\/2000\/svg\" viewBox=\"0 0 512 512\"><!--! Font Awesome Free 6.5.1 by @fontawesome - https:\/\/fontawesome.com License - https:\/\/fontawesome.com\/license\/free (Icons: CC BY 4.0, Fonts: SIL OFL 1.1, Code: MIT License) Copyright 2023 Fonticons, Inc. --><path d=\"M347.1 24.6c7.7-18.6 28-28.5 47.4-23.2l88 24C499.9 30.2 512 46 512 64c0 247.4-200.6 448-448 448c-18 0-33.8-12.1-38.6-29.5l-24-88c-5.3-19.4 4.6-39.7 23.2-47.4l96-40c16.3-6.8 35.2-2.1 46.3 11.6L207.3 368c70.4-33.3 127.4-90.3 160.7-160.7L318.7 167c-13.7-11.2-18.4-30-11.6-46.3l40-96z\"\/><\/svg>\n      <\/span>\n      <span class='bde-icon-list__text' >\n      +41 76 572 33 24\n      <\/span>\n              <\/div>\n      \n    <\/li>\n\n  \n              \n    <li>\n                      \n            \n            \n\n    \n    \n    \n    \n    \n    <a class=\"breakdance-link bde-icon-list__item-wrapper\" href=\"mailto:seewer@ensemble-fb.ch\" target=\"_self\" data-type=\"url\"  >\n\n      \n      <span class='bde-icon-list__icon'>\n        <svg xmlns=\"http:\/\/www.w3.org\/2000\/svg\" viewBox=\"0 0 512 512\"><!--! Font Awesome Free 6.5.1 by @fontawesome - https:\/\/fontawesome.com License - https:\/\/fontawesome.com\/license\/free (Icons: CC BY 4.0, Fonts: SIL OFL 1.1, Code: MIT License) Copyright 2023 Fonticons, Inc. --><path d=\"M48 64C21.5 64 0 85.5 0 112c0 15.1 7.1 29.3 19.2 38.4L236.8 313.6c11.4 8.5 27 8.5 38.4 0L492.8 150.4c12.1-9.1 19.2-23.3 19.2-38.4c0-26.5-21.5-48-48-48H48zM0 176V384c0 35.3 28.7 64 64 64H448c35.3 0 64-28.7 64-64V176L294.4 339.2c-22.8 17.1-54 17.1-76.8 0L0 176z\"\/><\/svg>\n      <\/span>\n      <span class='bde-icon-list__text' >\n      Gerne auch per Mail\n      <\/span>\n                  <\/a>\n\n      \n    <\/li>\n\n  <\/ul>\n\n<\/div><div class=\"bde-button-222-247 bde-button\">\n    \n                        \n                        \n    \n    \n    \n    \n            \n                    \n            \n                           \n                       \n                 \n\n    \n    \n    \n                    \n    \n    <a class=\"breakdance-link button-atom button-atom--custom bde-button__button\" href=\"#\" target=\"_self\" data-type=\"action\"  data-action='{\"type\":\"popup\",\"popupOptions\":{\"popupId\":\"322\",\"popupAction\":\"open\"}}' >\n\n    \n        <span class=\"button-atom__text\">\u00dcber mich<\/span>\n\n        \n        \n                <\/a>\n\n    \n\n\n<\/div>\n<\/div><div class=\"bde-column-222-236 bde-column\">\n  \n  \n\t\n\n\n\n<img decoding=\"async\" class=\"bde-image2-222-249 bde-image2\" src=\"https:\/\/www.ensemble-fb.ch\/wp-content\/uploads\/2024\/12\/Gabriela-Seewer.jpg\" alt=\"Gabriela Seewer, Co-Gesch\u00e4ftsleiterin, Familienbegleiterin bei ENSEMBLE Familienbegleitung in Biel\" loading=\"lazy\" srcset=\"https:\/\/www.ensemble-fb.ch\/wp-content\/uploads\/2024\/12\/Gabriela-Seewer.jpg 1000w, https:\/\/www.ensemble-fb.ch\/wp-content\/uploads\/2024\/12\/Gabriela-Seewer-200x300.jpg 200w, https:\/\/www.ensemble-fb.ch\/wp-content\/uploads\/2024\/12\/Gabriela-Seewer-683x1024.jpg 683w, https:\/\/www.ensemble-fb.ch\/wp-content\/uploads\/2024\/12\/Gabriela-Seewer-768x1152.jpg 768w\" sizes=\"(max-width: 1000px) 100vw, 1000px\">\n<\/div><\/div><\/div>\n<\/section><section id=\"kaspar\" class=\"bde-section-222-254 bde-section\">\n  \n  \n\t\n\n\n\n<div class=\"section-container\"><div class=\"bde-columns-222-255 bde-columns\"><div class=\"bde-column-222-256 bde-column\">\n  \n  \n\t\n\n\n\n<img decoding=\"async\" class=\"bde-image2-222-257 bde-image2\" src=\"https:\/\/www.ensemble-fb.ch\/wp-content\/uploads\/2024\/12\/Kaspar-Padel-683x1024.jpg\" loading=\"lazy\" srcset=\"https:\/\/www.ensemble-fb.ch\/wp-content\/uploads\/2024\/12\/Kaspar-Padel.jpg 1000w, https:\/\/www.ensemble-fb.ch\/wp-content\/uploads\/2024\/12\/Kaspar-Padel-200x300.jpg 200w, https:\/\/www.ensemble-fb.ch\/wp-content\/uploads\/2024\/12\/Kaspar-Padel-683x1024.jpg 683w, https:\/\/www.ensemble-fb.ch\/wp-content\/uploads\/2024\/12\/Kaspar-Padel-768x1152.jpg 768w\" sizes=\"(max-width: 1000px) 100vw, 1000px\">\n<\/div><div class=\"bde-column-222-258 bde-column\">\n  \n  \n\t\n\n\n\n<h1 class=\"bde-heading-222-259 bde-heading\">\nKaspar Padel\n<\/h1><div class=\"bde-text-222-260 bde-text\">\nFamilienbegleiter im Mandat\n<\/div><h1 class=\"bde-heading-222-261 bde-heading\">\nBeziehung aufbauen und nachhaltig begleiten\n<\/h1><div class=\"bde-text-222-262 bde-text\">\nDurch einf\u00fchlsame Transparenz die Basis schaffen, damit die Ressourcen des ganzen Systems mobilisiert werden k\u00f6nnen \u2013 dies ist mein Ziel. Durch gemeinsame Visualisierungen (Skizzen, Aufstellungen, Symbole, Videosequenzen) ergeben sich oft neue Sichtweisen auf ein Thema und es er\u00f6ffnen sich auch neue Zug\u00e4nge. \n<\/div><div class=\"bde-icon-list-222-263 bde-icon-list\">\n<ul>\n  \n              \n    <li>\n              <div class='bde-icon-list__item-wrapper'>\n      \n      <span class='bde-icon-list__icon'>\n        <svg xmlns=\"http:\/\/www.w3.org\/2000\/svg\" viewBox=\"0 0 512 512\"><!--! Font Awesome Free 6.5.1 by @fontawesome - https:\/\/fontawesome.com License - https:\/\/fontawesome.com\/license\/free (Icons: CC BY 4.0, Fonts: SIL OFL 1.1, Code: MIT License) Copyright 2023 Fonticons, Inc. --><path d=\"M347.1 24.6c7.7-18.6 28-28.5 47.4-23.2l88 24C499.9 30.2 512 46 512 64c0 247.4-200.6 448-448 448c-18 0-33.8-12.1-38.6-29.5l-24-88c-5.3-19.4 4.6-39.7 23.2-47.4l96-40c16.3-6.8 35.2-2.1 46.3 11.6L207.3 368c70.4-33.3 127.4-90.3 160.7-160.7L318.7 167c-13.7-11.2-18.4-30-11.6-46.3l40-96z\"\/><\/svg>\n      <\/span>\n      <span class='bde-icon-list__text' >\n      +41 76 372 75 35\n      <\/span>\n              <\/div>\n      \n    <\/li>\n\n  \n              \n    <li>\n                      \n            \n            \n\n    \n    \n    \n    \n    \n    <a class=\"breakdance-link bde-icon-list__item-wrapper\" href=\"mailto:padel@ensemble-fb.ch\" target=\"_self\" data-type=\"url\"  >\n\n      \n      <span class='bde-icon-list__icon'>\n        <svg xmlns=\"http:\/\/www.w3.org\/2000\/svg\" viewBox=\"0 0 512 512\"><!--! Font Awesome Free 6.5.1 by @fontawesome - https:\/\/fontawesome.com License - https:\/\/fontawesome.com\/license\/free (Icons: CC BY 4.0, Fonts: SIL OFL 1.1, Code: MIT License) Copyright 2023 Fonticons, Inc. --><path d=\"M48 64C21.5 64 0 85.5 0 112c0 15.1 7.1 29.3 19.2 38.4L236.8 313.6c11.4 8.5 27 8.5 38.4 0L492.8 150.4c12.1-9.1 19.2-23.3 19.2-38.4c0-26.5-21.5-48-48-48H48zM0 176V384c0 35.3 28.7 64 64 64H448c35.3 0 64-28.7 64-64V176L294.4 339.2c-22.8 17.1-54 17.1-76.8 0L0 176z\"\/><\/svg>\n      <\/span>\n      <span class='bde-icon-list__text' >\n      Gerne auch per Mail\n      <\/span>\n                  <\/a>\n\n      \n    <\/li>\n\n  <\/ul>\n\n<\/div><div class=\"bde-button-222-264 bde-button\">\n    \n                        \n                        \n    \n    \n    \n    \n            \n                    \n            \n                           \n                       \n                 \n\n    \n    \n    \n                    \n    \n    <a class=\"breakdance-link button-atom button-atom--custom bde-button__button\" href=\"#\" target=\"_self\" data-type=\"action\"  data-action='{\"type\":\"popup\",\"popupOptions\":{\"popupId\":\"361\",\"popupAction\":\"open\"}}' >\n\n    \n        <span class=\"button-atom__text\">\u00dcber mich<\/span>\n\n        \n        \n                <\/a>\n\n    \n\n\n<\/div>\n<\/div><\/div><\/div>\n<\/section><section id=\"patrick\" class=\"bde-section-222-265 bde-section\">\n  \n  \n\t\n\n\n\n<div class=\"section-container\"><div class=\"bde-columns-222-266 bde-columns\"><div class=\"bde-column-222-267 bde-column\">\n  \n  \n\t\n\n\n\n<h1 class=\"bde-heading-222-268 bde-heading\">\nPatrick Zbinden\n<\/h1><div class=\"bde-text-222-269 bde-text\">\nFamilienbegleiter und Coach\n<\/div><h1 class=\"bde-heading-222-270 bde-heading\">\nRessourcen mobilisieren und dabei die Einzigartigkeit jedes Familiensystems respektieren\n<\/h1><div class=\"bde-text-222-271 bde-text\">\nDie Ressourcen und Kompetenzen der Familie zu mobilisieren mit respektvollen Ansatz \u2013 das leitet meine Arbeit als Familienbegleiter und Coach. Ich fokussiere mich auf L\u00f6sungen, nicht auf Probleme. Jede Familie ist Expertin ihrer Geschichte und ihrer Herausforderungen. Meine Unterst\u00fctzung kann dazu beitragen, dass Familien ihr Strukturen besser verstehen und Ver\u00e4nderung passieren kann.\n<\/div><div class=\"bde-icon-list-222-272 bde-icon-list\">\n<ul>\n  \n              \n    <li>\n              <div class='bde-icon-list__item-wrapper'>\n      \n      <span class='bde-icon-list__icon'>\n        <svg xmlns=\"http:\/\/www.w3.org\/2000\/svg\" viewBox=\"0 0 512 512\"><!--! Font Awesome Free 6.5.1 by @fontawesome - https:\/\/fontawesome.com License - https:\/\/fontawesome.com\/license\/free (Icons: CC BY 4.0, Fonts: SIL OFL 1.1, Code: MIT License) Copyright 2023 Fonticons, Inc. --><path d=\"M347.1 24.6c7.7-18.6 28-28.5 47.4-23.2l88 24C499.9 30.2 512 46 512 64c0 247.4-200.6 448-448 448c-18 0-33.8-12.1-38.6-29.5l-24-88c-5.3-19.4 4.6-39.7 23.2-47.4l96-40c16.3-6.8 35.2-2.1 46.3 11.6L207.3 368c70.4-33.3 127.4-90.3 160.7-160.7L318.7 167c-13.7-11.2-18.4-30-11.6-46.3l40-96z\"\/><\/svg>\n      <\/span>\n      <span class='bde-icon-list__text' >\n      +41 76 630 31 71\n      <\/span>\n              <\/div>\n      \n    <\/li>\n\n  \n              \n    <li>\n                      \n            \n            \n\n    \n    \n    \n    \n    \n    <a class=\"breakdance-link bde-icon-list__item-wrapper\" href=\"mailto:zbinden@ensemble-fb.ch\" target=\"_self\" data-type=\"url\"  >\n\n      \n      <span class='bde-icon-list__icon'>\n        <svg xmlns=\"http:\/\/www.w3.org\/2000\/svg\" viewBox=\"0 0 512 512\"><!--! Font Awesome Free 6.5.1 by @fontawesome - https:\/\/fontawesome.com License - https:\/\/fontawesome.com\/license\/free (Icons: CC BY 4.0, Fonts: SIL OFL 1.1, Code: MIT License) Copyright 2023 Fonticons, Inc. --><path d=\"M48 64C21.5 64 0 85.5 0 112c0 15.1 7.1 29.3 19.2 38.4L236.8 313.6c11.4 8.5 27 8.5 38.4 0L492.8 150.4c12.1-9.1 19.2-23.3 19.2-38.4c0-26.5-21.5-48-48-48H48zM0 176V384c0 35.3 28.7 64 64 64H448c35.3 0 64-28.7 64-64V176L294.4 339.2c-22.8 17.1-54 17.1-76.8 0L0 176z\"\/><\/svg>\n      <\/span>\n      <span class='bde-icon-list__text' >\n      Gerne auch per Mail\n      <\/span>\n                  <\/a>\n\n      \n    <\/li>\n\n  <\/ul>\n\n<\/div><div class=\"bde-button-222-273 bde-button\">\n    \n                        \n                        \n    \n    \n    \n    \n            \n                    \n            \n                           \n                       \n                 \n\n    \n    \n    \n                    \n    \n    <a class=\"breakdance-link button-atom button-atom--custom bde-button__button\" href=\"#\" target=\"_self\" data-type=\"action\"  data-action='{\"type\":\"popup\",\"popupOptions\":{\"popupId\":\"364\",\"popupAction\":\"open\"}}' >\n\n    \n        <span class=\"button-atom__text\">\u00dcber mich<\/span>\n\n        \n        \n                <\/a>\n\n    \n\n\n<\/div>\n<\/div><div class=\"bde-column-222-274 bde-column\">\n  \n  \n\t\n\n\n\n<img decoding=\"async\" class=\"bde-image2-222-275 bde-image2\" src=\"https:\/\/www.ensemble-fb.ch\/wp-content\/uploads\/2024\/12\/Patrick-Zbinden.jpg\" loading=\"lazy\" srcset=\"https:\/\/www.ensemble-fb.ch\/wp-content\/uploads\/2024\/12\/Patrick-Zbinden.jpg 1000w, https:\/\/www.ensemble-fb.ch\/wp-content\/uploads\/2024\/12\/Patrick-Zbinden-200x300.jpg 200w, https:\/\/www.ensemble-fb.ch\/wp-content\/uploads\/2024\/12\/Patrick-Zbinden-683x1024.jpg 683w, https:\/\/www.ensemble-fb.ch\/wp-content\/uploads\/2024\/12\/Patrick-Zbinden-768x1152.jpg 768w\" sizes=\"(max-width: 1000px) 100vw, 1000px\">\n<\/div><\/div><\/div>\n<\/section><section id=\"emily\" class=\"bde-section-222-276 bde-section\">\n  \n  \n\t\n\n\n\n<div class=\"section-container\"><div class=\"bde-columns-222-277 bde-columns\"><div class=\"bde-column-222-278 bde-column\">\n  \n  \n\t\n\n\n\n<img decoding=\"async\" class=\"bde-image2-222-279 bde-image2\" src=\"https:\/\/www.ensemble-fb.ch\/wp-content\/uploads\/2025\/12\/Emily-Schmied02-683x1024.jpg\" loading=\"lazy\" srcset=\"https:\/\/www.ensemble-fb.ch\/wp-content\/uploads\/2025\/12\/Emily-Schmied02.jpg 1000w, https:\/\/www.ensemble-fb.ch\/wp-content\/uploads\/2025\/12\/Emily-Schmied02-200x300.jpg 200w, https:\/\/www.ensemble-fb.ch\/wp-content\/uploads\/2025\/12\/Emily-Schmied02-683x1024.jpg 683w, https:\/\/www.ensemble-fb.ch\/wp-content\/uploads\/2025\/12\/Emily-Schmied02-768x1152.jpg 768w\" sizes=\"(max-width: 1000px) 100vw, 1000px\">\n<\/div><div class=\"bde-column-222-280 bde-column\">\n  \n  \n\t\n\n\n\n<h1 class=\"bde-heading-222-281 bde-heading\">\nEmily Schmied\n<\/h1><div class=\"bde-text-222-282 bde-text\">\nFamilienbegleiterin\n<\/div><h1 class=\"bde-heading-222-283 bde-heading\">\nInnere Kompetenzen f\u00f6rdern\n<\/h1><div class=\"bde-text-222-284 bde-text\">\nBei meiner Arbeit als Familienbegleiterin lege ich Wert auf einen menschlichen und wohlwollenden Umgang und gehe aufmerksam auf die Bed\u00fcrfnisse jeder einzelnen Familie ein. Dank meiner Ausbildung mit systemischem Ansatz und meiner langj\u00e4hrigen Erfahrung ist meine Arbeitsweise auch kreativ. Mein Ziel ist es, konkrete Unterst\u00fctzung zu bieten, um die inneren Kompetenzen der Familie zu f\u00f6rdern, zu st\u00e4rken und so ihre Selbstst\u00e4ndigkeit und Entfaltung zu f\u00f6rdern. <br>\n<\/div><div class=\"bde-icon-list-222-285 bde-icon-list\">\n<ul>\n  \n              \n    <li>\n              <div class='bde-icon-list__item-wrapper'>\n      \n      <span class='bde-icon-list__icon'>\n        <svg xmlns=\"http:\/\/www.w3.org\/2000\/svg\" viewBox=\"0 0 512 512\"><!--! Font Awesome Free 6.5.1 by @fontawesome - https:\/\/fontawesome.com License - https:\/\/fontawesome.com\/license\/free (Icons: CC BY 4.0, Fonts: SIL OFL 1.1, Code: MIT License) Copyright 2023 Fonticons, Inc. --><path d=\"M347.1 24.6c7.7-18.6 28-28.5 47.4-23.2l88 24C499.9 30.2 512 46 512 64c0 247.4-200.6 448-448 448c-18 0-33.8-12.1-38.6-29.5l-24-88c-5.3-19.4 4.6-39.7 23.2-47.4l96-40c16.3-6.8 35.2-2.1 46.3 11.6L207.3 368c70.4-33.3 127.4-90.3 160.7-160.7L318.7 167c-13.7-11.2-18.4-30-11.6-46.3l40-96z\"\/><\/svg>\n      <\/span>\n      <span class='bde-icon-list__text' >\n      +41 76 523 20 55\n      <\/span>\n              <\/div>\n      \n    <\/li>\n\n  \n              \n    <li>\n                      \n            \n            \n\n    \n    \n    \n    \n    \n    <a class=\"breakdance-link bde-icon-list__item-wrapper\" href=\"mailto:schmied@ensemble-fb.ch\" target=\"_self\" data-type=\"url\"  >\n\n      \n      <span class='bde-icon-list__icon'>\n        <svg xmlns=\"http:\/\/www.w3.org\/2000\/svg\" viewBox=\"0 0 512 512\"><!--! Font Awesome Free 6.5.1 by @fontawesome - https:\/\/fontawesome.com License - https:\/\/fontawesome.com\/license\/free (Icons: CC BY 4.0, Fonts: SIL OFL 1.1, Code: MIT License) Copyright 2023 Fonticons, Inc. --><path d=\"M48 64C21.5 64 0 85.5 0 112c0 15.1 7.1 29.3 19.2 38.4L236.8 313.6c11.4 8.5 27 8.5 38.4 0L492.8 150.4c12.1-9.1 19.2-23.3 19.2-38.4c0-26.5-21.5-48-48-48H48zM0 176V384c0 35.3 28.7 64 64 64H448c35.3 0 64-28.7 64-64V176L294.4 339.2c-22.8 17.1-54 17.1-76.8 0L0 176z\"\/><\/svg>\n      <\/span>\n      <span class='bde-icon-list__text' >\n      Gerne auch per Mail\n      <\/span>\n                  <\/a>\n\n      \n    <\/li>\n\n  <\/ul>\n\n<\/div><div class=\"bde-button-222-286 bde-button\">\n    \n                        \n                        \n    \n    \n    \n    \n            \n                    \n            \n                           \n                       \n                 \n\n    \n    \n    \n                    \n    \n    <a class=\"breakdance-link button-atom button-atom--custom bde-button__button\" href=\"#\" target=\"_self\" data-type=\"action\"  data-action='{\"type\":\"popup\",\"popupOptions\":{\"popupId\":\"366\",\"popupAction\":\"open\"}}' >\n\n    \n        <span class=\"button-atom__text\">\u00dcber mich<\/span>\n\n        \n        \n                <\/a>\n\n    \n\n\n<\/div>\n<\/div><\/div><\/div>\n<\/section><section id=\"ayla\" class=\"bde-section-222-320 bde-section\">\n  \n  \n\t\n\n\n\n<div class=\"section-container\"><div class=\"bde-columns-222-321 bde-columns\"><div class=\"bde-column-222-324 bde-column\">\n  \n  \n\t\n\n\n\n<h1 class=\"bde-heading-222-325 bde-heading\">\nAyla Behar\n<\/h1><div class=\"bde-text-222-326 bde-text\">\nKonsiliarassistenz\u00e4rztin Kinder- und Jugendpsychiatrie\n<\/div><h1 class=\"bde-heading-222-327 bde-heading\">\nRaum f\u00fcr Entwicklung und Wandel\n<\/h1><div class=\"bde-text-222-328 bde-text\">\nMit offenem Herzen und wachem Blick f\u00fcr das Leben begleite ich ENSEMBLE auf ihrem Weg und unterst\u00fctze sie darin, einen sicheren Raum f\u00fcr Entwicklung und Wandel in den Familien zu schaffen. Eine Zusammenarbeit auf Augenh\u00f6he, gepr\u00e4gt von Respekt, Wertsch\u00e4tzung und Klarheit, ist f\u00fcr mich die Grundlage, damit Vertrauen wachsen und Neues entstehen darf.\n<\/div><div class=\"bde-button-222-330 bde-button\">\n    \n                        \n                        \n    \n    \n    \n    \n            \n                    \n            \n                           \n                       \n                 \n\n    \n    \n    \n                    \n    \n    <a class=\"breakdance-link button-atom button-atom--custom bde-button__button\" href=\"#\" target=\"_self\" data-type=\"action\"  data-action='{\"type\":\"popup\",\"popupOptions\":{\"popupId\":\"644\",\"popupAction\":\"open\"}}' >\n\n    \n        <span class=\"button-atom__text\">\u00dcber mich<\/span>\n\n        \n        \n                <\/a>\n\n    \n\n\n<\/div>\n<\/div><div class=\"bde-column-222-322 bde-column\">\n  \n  \n\t\n\n\n\n<img decoding=\"async\" class=\"bde-image2-222-323 bde-image2\" src=\"https:\/\/www.ensemble-fb.ch\/wp-content\/uploads\/2025\/12\/Ayla02-683x1024.jpg\" loading=\"lazy\" srcset=\"https:\/\/www.ensemble-fb.ch\/wp-content\/uploads\/2025\/12\/Ayla02.jpg 1000w, https:\/\/www.ensemble-fb.ch\/wp-content\/uploads\/2025\/12\/Ayla02-200x300.jpg 200w, https:\/\/www.ensemble-fb.ch\/wp-content\/uploads\/2025\/12\/Ayla02-683x1024.jpg 683w, https:\/\/www.ensemble-fb.ch\/wp-content\/uploads\/2025\/12\/Ayla02-768x1152.jpg 768w\" sizes=\"(max-width: 1000px) 100vw, 1000px\">\n<\/div><\/div><\/div>\n<\/section><section id=\"silke\" class=\"bde-section-222-287 bde-section\">\n  \n  \n\t\n\n\n\n<div class=\"section-container\"><div class=\"bde-columns-222-288 bde-columns\"><div class=\"bde-column-222-296 bde-column\">\n  \n  \n\t\n\n\n\n<img decoding=\"async\" class=\"bde-image2-222-297 bde-image2\" src=\"https:\/\/www.ensemble-fb.ch\/wp-content\/uploads\/2024\/12\/Silke-Buchs-02.jpg\" loading=\"lazy\" srcset=\"https:\/\/www.ensemble-fb.ch\/wp-content\/uploads\/2024\/12\/Silke-Buchs-02.jpg 1000w, https:\/\/www.ensemble-fb.ch\/wp-content\/uploads\/2024\/12\/Silke-Buchs-02-200x300.jpg 200w, https:\/\/www.ensemble-fb.ch\/wp-content\/uploads\/2024\/12\/Silke-Buchs-02-683x1024.jpg 683w, https:\/\/www.ensemble-fb.ch\/wp-content\/uploads\/2024\/12\/Silke-Buchs-02-768x1152.jpg 768w\" sizes=\"(max-width: 1000px) 100vw, 1000px\">\n<\/div><div class=\"bde-column-222-289 bde-column\">\n  \n  \n\t\n\n\n\n<h1 class=\"bde-heading-222-290 bde-heading\">\nSilke Buchs\n<\/h1><div class=\"bde-text-222-291 bde-text\">\nBackoffice\n<\/div><h1 class=\"bde-heading-222-292 bde-heading\">\nFlexibilit\u00e4t und Struktur\n<\/h1><div class=\"bde-text-222-293 bde-text\">\nENSEMBLE Familienbegleitung hat mich engagiert, um im quirligen Alltag den \u00dcberblick zu behalten. Strukturen schaffen, effiziente Abl\u00e4ufe entwickeln, die Buchhaltung betreuen, all das macht mir gro\u00dfen Spass. Und bringt Ruhe und Ordnung ins Backoffice. Damit das Team sich auf die begleiteten Familien und Aufgaben konzentrieren kann.\n<\/div><div class=\"bde-icon-list-222-294 bde-icon-list\">\n<ul>\n  \n              \n    <li>\n              <div class='bde-icon-list__item-wrapper'>\n      \n      <span class='bde-icon-list__icon'>\n        <svg xmlns=\"http:\/\/www.w3.org\/2000\/svg\" viewBox=\"0 0 512 512\"><!--! Font Awesome Free 6.5.1 by @fontawesome - https:\/\/fontawesome.com License - https:\/\/fontawesome.com\/license\/free (Icons: CC BY 4.0, Fonts: SIL OFL 1.1, Code: MIT License) Copyright 2023 Fonticons, Inc. --><path d=\"M347.1 24.6c7.7-18.6 28-28.5 47.4-23.2l88 24C499.9 30.2 512 46 512 64c0 247.4-200.6 448-448 448c-18 0-33.8-12.1-38.6-29.5l-24-88c-5.3-19.4 4.6-39.7 23.2-47.4l96-40c16.3-6.8 35.2-2.1 46.3 11.6L207.3 368c70.4-33.3 127.4-90.3 160.7-160.7L318.7 167c-13.7-11.2-18.4-30-11.6-46.3l40-96z\"\/><\/svg>\n      <\/span>\n      <span class='bde-icon-list__text' >\n      +41 79 366 44 81\n      <\/span>\n              <\/div>\n      \n    <\/li>\n\n  \n              \n    <li>\n                      \n            \n            \n\n    \n    \n    \n    \n    \n    <a class=\"breakdance-link bde-icon-list__item-wrapper\" href=\"mailto:buchs@ensemble-fb.ch\" target=\"_self\" data-type=\"url\"  >\n\n      \n      <span class='bde-icon-list__icon'>\n        <svg xmlns=\"http:\/\/www.w3.org\/2000\/svg\" viewBox=\"0 0 512 512\"><!--! Font Awesome Free 6.5.1 by @fontawesome - https:\/\/fontawesome.com License - https:\/\/fontawesome.com\/license\/free (Icons: CC BY 4.0, Fonts: SIL OFL 1.1, Code: MIT License) Copyright 2023 Fonticons, Inc. --><path d=\"M48 64C21.5 64 0 85.5 0 112c0 15.1 7.1 29.3 19.2 38.4L236.8 313.6c11.4 8.5 27 8.5 38.4 0L492.8 150.4c12.1-9.1 19.2-23.3 19.2-38.4c0-26.5-21.5-48-48-48H48zM0 176V384c0 35.3 28.7 64 64 64H448c35.3 0 64-28.7 64-64V176L294.4 339.2c-22.8 17.1-54 17.1-76.8 0L0 176z\"\/><\/svg>\n      <\/span>\n      <span class='bde-icon-list__text' >\n      Gerne auch per Mail\n      <\/span>\n                  <\/a>\n\n      \n    <\/li>\n\n  <\/ul>\n\n<\/div>\n<\/div><\/div><\/div>\n<\/section><section id=\"kontakt\" class=\"bde-section-222-299 bde-section\">\n  \n  \n\t\n\n\n\n<div class=\"section-container\"><div class=\"bde-columns-222-304 bde-columns\"><div class=\"bde-column-222-305 bde-column\">\n  \n  \n\t\n\n\n\n<h1 class=\"bde-heading-222-308 bde-heading\">\nKontakt\n<\/h1><div class=\"bde-text-222-303 bde-text\">\nENSEMBLE Familienbegleitung<br>Freiestrasse 37<br>2502 Biel<br>\n<\/div><div class=\"bde-icon-list-222-309 bde-icon-list\">\n<ul>\n  \n              \n    <li>\n                      \n            \n            \n\n    \n    \n    \n    \n    \n    <a class=\"breakdance-link bde-icon-list__item-wrapper\" href=\"mailto:info@ensemble-fb.ch\" target=\"_self\" data-type=\"url\"  >\n\n      \n      <span class='bde-icon-list__icon'>\n        <svg xmlns=\"http:\/\/www.w3.org\/2000\/svg\" id=\"icon-envelop\" viewBox=\"0 0 32 32\">\n<path d=\"M29 4h-26c-1.65 0-3 1.35-3 3v20c0 1.65 1.35 3 3 3h26c1.65 0 3-1.35 3-3v-20c0-1.65-1.35-3-3-3zM12.461 17.199l-8.461 6.59v-15.676l8.461 9.086zM5.512 8h20.976l-10.488 7.875-10.488-7.875zM12.79 17.553l3.21 3.447 3.21-3.447 6.58 8.447h-19.579l6.58-8.447zM19.539 17.199l8.461-9.086v15.676l-8.461-6.59z\"\/>\n<\/svg>\n      <\/span>\n      <span class='bde-icon-list__text' >\n      \n      <\/span>\n                  <\/a>\n\n      \n    <\/li>\n\n  \n              \n    <li>\n              <div class='bde-icon-list__item-wrapper'>\n      \n      <span class='bde-icon-list__icon'>\n        <svg xmlns=\"http:\/\/www.w3.org\/2000\/svg\" viewBox=\"0 0 512 512\"><!--! Font Awesome Free 6.5.1 by @fontawesome - https:\/\/fontawesome.com License - https:\/\/fontawesome.com\/license\/free (Icons: CC BY 4.0, Fonts: SIL OFL 1.1, Code: MIT License) Copyright 2023 Fonticons, Inc. --><path d=\"M347.1 24.6c7.7-18.6 28-28.5 47.4-23.2l88 24C499.9 30.2 512 46 512 64c0 247.4-200.6 448-448 448c-18 0-33.8-12.1-38.6-29.5l-24-88c-5.3-19.4 4.6-39.7 23.2-47.4l96-40c16.3-6.8 35.2-2.1 46.3 11.6L207.3 368c70.4-33.3 127.4-90.3 160.7-160.7L318.7 167c-13.7-11.2-18.4-30-11.6-46.3l40-96z\"\/><\/svg>\n      <\/span>\n      <span class='bde-icon-list__text' >\n      +41 76 471 71 31\n      <\/span>\n              <\/div>\n      \n    <\/li>\n\n  <\/ul>\n\n<\/div>\n<\/div><div class=\"bde-column-222-307 bde-column\">\n  \n  \n\t\n\n\n\n<div class=\"bde-google-map-222-300 bde-google-map\">\r\n<iframe width=\"100%\" height=\"100%\" style=\"border:0\" loading=\"lazy\" title=\"Map\" src=\"https:\/\/maps.google.com\/maps?q=Freiestrasse+37%2C+Biel&t=m&z=14&output=embed&iwloc=near\" allowfullscreen><\/iframe>\n<\/div>\n<\/div><\/div><\/div>\n<\/section>","protected":false},"excerpt":{"rendered":"<p>ENSEMBLE Familienbegleitung in Biel Im Mittelpunkt steht das Wohl des Kindes ENSEMBLE Familienbegleitung bietet Unterst\u00fctzung, wenn Familiensysteme durch unterschiedliche Belastungen an ihre Grenzen stossen. Wir bieten massgeschneiderte und flexible L\u00f6sungen, die dazu beitragen k\u00f6nnen, das System zu stabilisieren und Entwicklungs- und Lernprozesse in Gang zu setzen. Im Mittelpunkt unserer Aufmerksamkeit steht das Wohl des Kindes. [&hellip;]<\/p>\n","protected":false},"author":1,"featured_media":0,"parent":0,"menu_order":0,"comment_status":"closed","ping_status":"closed","template":"","meta":{"_seopress_robots_primary_cat":"","_seopress_titles_title":"","_seopress_titles_desc":"","_seopress_robots_index":"","_breakdance_hide_in_design_set":false,"_breakdance_tags":"","footnotes":""},"class_list":["post-222","page","type-page","status-publish","hentry"],"_links":{"self":[{"href":"https:\/\/www.ensemble-fb.ch\/de\/wp-json\/wp\/v2\/pages\/222","targetHints":{"allow":["GET"]}}],"collection":[{"href":"https:\/\/www.ensemble-fb.ch\/de\/wp-json\/wp\/v2\/pages"}],"about":[{"href":"https:\/\/www.ensemble-fb.ch\/de\/wp-json\/wp\/v2\/types\/page"}],"author":[{"embeddable":true,"href":"https:\/\/www.ensemble-fb.ch\/de\/wp-json\/wp\/v2\/users\/1"}],"replies":[{"embeddable":true,"href":"https:\/\/www.ensemble-fb.ch\/de\/wp-json\/wp\/v2\/comments?post=222"}],"version-history":[{"count":21,"href":"https:\/\/www.ensemble-fb.ch\/de\/wp-json\/wp\/v2\/pages\/222\/revisions"}],"predecessor-version":[{"id":663,"href":"https:\/\/www.ensemble-fb.ch\/de\/wp-json\/wp\/v2\/pages\/222\/revisions\/663"}],"wp:attachment":[{"href":"https:\/\/www.ensemble-fb.ch\/de\/wp-json\/wp\/v2\/media?parent=222"}],"curies":[{"name":"wp","href":"https:\/\/api.w.org\/{rel}","templated":true}]}}